{"version":"1.0","provider_name":"Immo Pro - L'Agence d'Occitanie","provider_url":"https:\/\/immopro.fr\/en\/","author_name":"Agence_IMMO_PRO_Samatan","author_url":"https:\/\/immopro.fr\/en\/author\/agence_immo_pro_samatan\/","title":"Villa 5 pi\u00e8ces 120m\u00b2 Vue Pyr\u00e9n\u00e9es - Immo Pro - L'Agence d'Occitanie","type":"rich","width":600,"height":338,"html":"<blockquote class=\"wp-embedded-content\" data-secret=\"DSlwNj23vN\"><a href=\"https:\/\/immopro.fr\/en\/propertie\/villa-5-pieces-120m%c2%b2-vue-pyrenees\/\">Villa 5 pi\u00e8ces 120m\u00b2  Vue Pyr\u00e9n\u00e9es<\/a><\/blockquote><iframe sandbox=\"allow-scripts\" security=\"restricted\" src=\"https:\/\/immopro.fr\/en\/propertie\/villa-5-pieces-120m%c2%b2-vue-pyrenees\/embed\/#?secret=DSlwNj23vN\" width=\"600\" height=\"338\" title=\"&#8220;Villa 5 pi\u00e8ces 120m\u00b2  Vue Pyr\u00e9n\u00e9es&#8221; &#8212; Immo Pro - L&#039;Agence d&#039;Occitanie\" data-secret=\"DSlwNj23vN\" frameborder=\"0\" marginwidth=\"0\" marginheight=\"0\" scrolling=\"no\" class=\"wp-embedded-content\"><\/iframe><script type=\"text\/javascript\">\n\/* <![CDATA[ *\/\n\/*! This file is auto-generated *\/\n!function(d,l){\"use strict\";l.querySelector&&d.addEventListener&&\"undefined\"!=typeof URL&&(d.wp=d.wp||{},d.wp.receiveEmbedMessage||(d.wp.receiveEmbedMessage=function(e){var t=e.data;if((t||t.secret||t.message||t.value)&&!\/[^a-zA-Z0-9]\/.test(t.secret)){for(var s,r,n,a=l.querySelectorAll('iframe[data-secret=\"'+t.secret+'\"]'),o=l.querySelectorAll('blockquote[data-secret=\"'+t.secret+'\"]'),c=new RegExp(\"^https?:$\",\"i\"),i=0;i<o.length;i++)o[i].style.display=\"none\";for(i=0;i<a.length;i++)s=a[i],e.source===s.contentWindow&&(s.removeAttribute(\"style\"),\"height\"===t.message?(1e3<(r=parseInt(t.value,10))?r=1e3:~~r<200&&(r=200),s.height=r):\"link\"===t.message&&(r=new URL(s.getAttribute(\"src\")),n=new URL(t.value),c.test(n.protocol))&&n.host===r.host&&l.activeElement===s&&(d.top.location.href=t.value))}},d.addEventListener(\"message\",d.wp.receiveEmbedMessage,!1),l.addEventListener(\"DOMContentLoaded\",function(){for(var e,t,s=l.querySelectorAll(\"iframe.wp-embedded-content\"),r=0;r<s.length;r++)(t=(e=s[r]).getAttribute(\"data-secret\"))||(t=Math.random().toString(36).substring(2,12),e.src+=\"#?secret=\"+t,e.setAttribute(\"data-secret\",t)),e.contentWindow.postMessage({message:\"ready\",secret:t},\"*\")},!1)))}(window,document);\n\/\/# sourceURL=https:\/\/immopro.fr\/wp-includes\/js\/wp-embed.min.js\n\/* ]]> *\/\n<\/script>\n","thumbnail_url":"https:\/\/immopro.fr\/wp-content\/uploads\/2022\/04\/ImmoproWeb_paysage_2V5A4308-1024x683.jpg","thumbnail_width":1024,"thumbnail_height":683,"description":"\u00c0 seulement 10mn de Samatan\/Lombez, cette maison de plain-pied contemporaine de 120m\u00b2 habitables a \u00e9t\u00e9 construite en 2023 sur un terrain d\u2019environ 9.400m\u00b2 avec un panorama remarquable sur les Pyr\u00e9n\u00e9es. Grande pi\u00e8ce de vie de 50m\u00b2 avec une hauteur sous plafond de 3m et sa cuisine ouverte am\u00e9nag\u00e9e et \u00e9quip\u00e9e, cellier-buanderie, 4 chambres, dont une [&hellip;]"}