{"id":72051,"date":"2026-02-20T17:28:00","date_gmt":"2026-02-20T17:28:00","guid":{"rendered":"https:\/\/immopro.fr\/propriete\/samatan-bel-environnement-maison-de-campagne-dependances\/"},"modified":"2026-02-20T17:28:00","modified_gmt":"2026-02-20T17:28:00","slug":"samatan-bel-environnement-maison-de-campagne-dependances","status":"publish","type":"property","link":"https:\/\/immopro.fr\/en\/propertie\/samatan-bel-environnement-maison-de-campagne-dependances\/","title":{"rendered":"Samatan  Bel environnement &#8211; Maison de campagne &amp; D\u00e9pendances"},"content":{"rendered":"<p>Dans la campagne Gersoise, cette maison sur un terrain de plus de 8.000m\u00b2 saura vous s\u00e9duire par son potentiel, son environnement et ses b\u00e2timents.<br \/>\nMaison de 95m\u00b2 habitables avec entr\u00e9e, cuisine ouverte sur le s\u00e9jour et sa chemin\u00e9e, deux chambres, salle d&#8217;eau et toilettes.  Un chai de 17m\u00b2 peut \u00eatre transform\u00e9 en troisi\u00e8me chambre.<br \/>\nUne \u00e9table d&#8217;environ 100m\u00b2 et deux d\u00e9pendances dont une grange ouverte, compl\u00e8tent ce bien.<\/p>\n","protected":false},"excerpt":{"rendered":"<p>Dans la campagne Gersoise, cette maison sur un terrain de plus de 8.000m\u00b2 saura vous s\u00e9duire par son potentiel, son environnement et ses b\u00e2timents. Maison de 95m\u00b2 habitables avec entr\u00e9e, cuisine ouverte sur le s\u00e9jour et sa chemin\u00e9e, deux chambres, salle d&#8217;eau et toilettes. Un chai de 17m\u00b2 peut \u00eatre transform\u00e9 en troisi\u00e8me chambre. Une [&hellip;]<\/p>\n","protected":false},"author":1,"featured_media":72679,"parent":0,"menu_order":0,"template":"","property_type":[297],"property_status":[298],"property_feature":[],"property_label":[],"property_country":[382],"property_state":[],"property_city":[390],"property_area":[],"class_list":["post-72051","property","type-property","status-publish","has-post-thumbnail","hentry","property_type-house","property_status-sale","property_country-fr","property_city-samatan"],"property_meta":{"_alp_processed":["1773162045"],"ref":["86760637"],"fave_property_id":["6014"],"fave_property_price":["212000"],"fave_property_price_postfix":[""],"fave_property_size":["95"],"fave_property_size_prefix":["m\u00b2"],"fave_property_land_postfix":["m\u00b2"],"fave_property_land":["8190"],"fave_property_rooms":["4"],"fave_property_bedrooms":["2"],"fave_property_bathrooms":["1"],"fave_salle-d-eau":[""],"fave_property_garage":[""],"fave_property_year":["1800"],"fave_property_map_address":["32130, Samatan, FR"],"fave_property_map":["1"],"fave_property_address":[""],"fave_property_zip":["32130"],"fave_property_country":["FR"],"fave_property_location":["43.49219,0.91539,14"],"houzez_geolocation_lat":["43.49219"],"houzez_geolocation_long":["0.91539"],"fave_energy_performance":[""],"fave_renewable_energy_global_index":["62"],"fave_energy_class":[""],"fave_energy_global_index":["433"],"fave_energy_date_dpe":["2026-02-28"],"fave_energy_montant_min":["4050"],"fave_energy_montant_max":["5520"],"fave_energy_montant_anne_ref":["2021,2022,2023"],"fave_additional_features_enable":["enable"],"fave_date_maj":["2026-04-16 16:31:44"],"houzez_featured_listing_date":[""],"additional_features":["a:7:{i:0;a:2:{s:29:\"fave_additional_feature_title\";s:20:\"Price excluding fees\";s:29:\"fave_additional_feature_value\";s:10:\"200 000\u20ac\";}i:1;a:2:{s:29:\"fave_additional_feature_title\";s:11:\"Fee charges\";s:29:\"fave_additional_feature_value\";s:8:\"acheteur\";}i:2;a:2:{s:29:\"fave_additional_feature_title\";s:12:\"Property tax\";s:29:\"fave_additional_feature_value\";s:7:\"1200\u20ac\";}i:3;a:2:{s:29:\"fave_additional_feature_title\";s:13:\"Number of WCs\";s:29:\"fave_additional_feature_value\";i:1;}i:4;a:2:{s:29:\"fave_additional_feature_title\";s:8:\"Exposure\";s:29:\"fave_additional_feature_value\";s:3:\"Sud\";}i:5;a:2:{s:29:\"fave_additional_feature_title\";s:9:\"Condition\";s:29:\"fave_additional_feature_value\";s:11:\"\u00c0 r\u00e9nover\";}i:6;a:2:{s:29:\"fave_additional_feature_title\";s:4:\"View\";s:29:\"fave_additional_feature_value\";N;}}"],"fave_honoraires":["acheteur"],"fave_pourcentage-d-honoraire":["200000"],"fave_agent_display_option":["agent_info"],"fave_agents":["48155"],"fave_property_agency":[""],"_thumbnail_id":["72679"],"_wpml_word_count":["83"],"houzez_total_property_views":["86"],"houzez_views_by_date":["a:40:{s:10:\"03-10-2026\";i:2;s:10:\"03-11-2026\";i:5;s:10:\"03-12-2026\";i:4;s:10:\"03-13-2026\";i:1;s:10:\"03-14-2026\";i:3;s:10:\"03-16-2026\";i:7;s:10:\"03-18-2026\";i:1;s:10:\"03-19-2026\";i:2;s:10:\"03-20-2026\";i:1;s:10:\"03-21-2026\";i:1;s:10:\"03-23-2026\";i:8;s:10:\"03-24-2026\";i:1;s:10:\"03-25-2026\";i:1;s:10:\"03-26-2026\";i:2;s:10:\"03-28-2026\";i:2;s:10:\"03-30-2026\";i:2;s:10:\"03-31-2026\";i:2;s:10:\"04-02-2026\";i:1;s:10:\"04-03-2026\";i:1;s:10:\"04-04-2026\";i:3;s:10:\"04-05-2026\";i:3;s:10:\"04-06-2026\";i:1;s:10:\"04-07-2026\";i:1;s:10:\"04-08-2026\";i:1;s:10:\"04-09-2026\";i:1;s:10:\"04-10-2026\";i:2;s:10:\"04-14-2026\";i:2;s:10:\"04-16-2026\";i:2;s:10:\"04-18-2026\";i:2;s:10:\"04-19-2026\";i:3;s:10:\"04-20-2026\";i:1;s:10:\"04-21-2026\";i:1;s:10:\"04-22-2026\";i:3;s:10:\"04-24-2026\";i:2;s:10:\"04-26-2026\";i:1;s:10:\"04-27-2026\";i:1;s:10:\"04-28-2026\";i:1;s:10:\"04-29-2026\";i:4;s:10:\"04-30-2026\";i:3;s:10:\"05-01-2026\";i:1;}"],"houzez_recently_viewed":["2026-05-01 08:31:36"],"_edit_lock":["1773308931:1"],"fave_single_top_area":["global"],"fave_single_content_area":["global"],"fave_featured":[""],"fave_property_images":["72679","72111","72053","72055","72057","72059","72061","72063","72065","72067","72069","72071","72073","72075","72077","72079","72081","72083","72085"]},"acf":[],"yoast_head":"<!-- This site is optimized with the Yoast SEO plugin v23.7 - https:\/\/yoast.com\/wordpress\/plugins\/seo\/ -->\n<title>Samatan Bel environnement - Maison de campagne &amp; D\u00e9pendances - Immo Pro - L&#039;Agence d&#039;Occitanie<\/title>\n<meta name=\"robots\" content=\"index, follow, max-snippet:-1, max-image-preview:large, max-video-preview:-1\" \/>\n<link rel=\"canonical\" href=\"https:\/\/immopro.fr\/en\/propertie\/samatan-bel-environnement-maison-de-campagne-dependances\/\" \/>\n<meta property=\"og:locale\" content=\"en_US\" \/>\n<meta property=\"og:type\" content=\"article\" \/>\n<meta property=\"og:title\" content=\"Samatan Bel environnement - Maison de campagne &amp; D\u00e9pendances - Immo Pro - L&#039;Agence d&#039;Occitanie\" \/>\n<meta property=\"og:description\" content=\"Dans la campagne Gersoise, cette maison sur un terrain de plus de 8.000m\u00b2 saura vous s\u00e9duire par son potentiel, son environnement et ses b\u00e2timents. Maison de 95m\u00b2 habitables avec entr\u00e9e, cuisine ouverte sur le s\u00e9jour et sa chemin\u00e9e, deux chambres, salle d&#8217;eau et toilettes. Un chai de 17m\u00b2 peut \u00eatre transform\u00e9 en troisi\u00e8me chambre. Une [&hellip;]\" \/>\n<meta property=\"og:url\" content=\"https:\/\/immopro.fr\/en\/propertie\/samatan-bel-environnement-maison-de-campagne-dependances\/\" \/>\n<meta property=\"og:site_name\" content=\"Immo Pro - L&#039;Agence d&#039;Occitanie\" \/>\n<meta property=\"article:publisher\" content=\"https:\/\/www.facebook.com\/immoprolagencedoccitanie\" \/>\n<meta property=\"og:image\" content=\"https:\/\/immopro.fr\/wp-content\/uploads\/2022\/04\/ImmoproWeb_paysage_2V5A4308-1024x683.jpg\" \/>\n\t<meta property=\"og:image:width\" content=\"1024\" \/>\n\t<meta property=\"og:image:height\" content=\"683\" \/>\n\t<meta property=\"og:image:type\" content=\"image\/jpeg\" \/>\n<meta name=\"twitter:card\" content=\"summary_large_image\" \/>\n<script type=\"application\/ld+json\" class=\"yoast-schema-graph\">{\"@context\":\"https:\/\/schema.org\",\"@graph\":[{\"@type\":\"WebPage\",\"@id\":\"https:\/\/immopro.fr\/en\/propertie\/samatan-bel-environnement-maison-de-campagne-dependances\/\",\"url\":\"https:\/\/immopro.fr\/en\/propertie\/samatan-bel-environnement-maison-de-campagne-dependances\/\",\"name\":\"Samatan Bel environnement - Maison de campagne &amp; D\u00e9pendances - Immo Pro - L'Agence d'Occitanie\",\"isPartOf\":{\"@id\":\"https:\/\/immopro.fr\/en\/#website\"},\"primaryImageOfPage\":{\"@id\":\"https:\/\/immopro.fr\/en\/propertie\/samatan-bel-environnement-maison-de-campagne-dependances\/#primaryimage\"},\"image\":{\"@id\":\"https:\/\/immopro.fr\/en\/propertie\/samatan-bel-environnement-maison-de-campagne-dependances\/#primaryimage\"},\"thumbnailUrl\":\"https:\/\/immopro.fr\/wp-content\/uploads\/2026\/02\/d5f900f612f8fcc244d81198000d6ac9_76a3daffb9_1920-original-72050.jpg\",\"datePublished\":\"2026-02-20T17:28:00+00:00\",\"dateModified\":\"2026-02-20T17:28:00+00:00\",\"breadcrumb\":{\"@id\":\"https:\/\/immopro.fr\/en\/propertie\/samatan-bel-environnement-maison-de-campagne-dependances\/#breadcrumb\"},\"inLanguage\":\"en-US\",\"potentialAction\":[{\"@type\":\"ReadAction\",\"target\":[\"https:\/\/immopro.fr\/en\/propertie\/samatan-bel-environnement-maison-de-campagne-dependances\/\"]}]},{\"@type\":\"ImageObject\",\"inLanguage\":\"en-US\",\"@id\":\"https:\/\/immopro.fr\/en\/propertie\/samatan-bel-environnement-maison-de-campagne-dependances\/#primaryimage\",\"url\":\"https:\/\/immopro.fr\/wp-content\/uploads\/2026\/02\/d5f900f612f8fcc244d81198000d6ac9_76a3daffb9_1920-original-72050.jpg\",\"contentUrl\":\"https:\/\/immopro.fr\/wp-content\/uploads\/2026\/02\/d5f900f612f8fcc244d81198000d6ac9_76a3daffb9_1920-original-72050.jpg\",\"width\":1920,\"height\":1081},{\"@type\":\"BreadcrumbList\",\"@id\":\"https:\/\/immopro.fr\/en\/propertie\/samatan-bel-environnement-maison-de-campagne-dependances\/#breadcrumb\",\"itemListElement\":[{\"@type\":\"ListItem\",\"position\":1,\"name\":\"Accueil\",\"item\":\"https:\/\/immopro.fr\/en\/\"},{\"@type\":\"ListItem\",\"position\":2,\"name\":\"Properties\",\"item\":\"https:\/\/immopro.fr\/en\/propertie\/\"},{\"@type\":\"ListItem\",\"position\":3,\"name\":\"Samatan Bel environnement &#8211; Maison de campagne &amp; D\u00e9pendances\"}]},{\"@type\":\"WebSite\",\"@id\":\"https:\/\/immopro.fr\/en\/#website\",\"url\":\"https:\/\/immopro.fr\/en\/\",\"name\":\"Immo Pro - L'Agence d'Occitanie\",\"description\":\"Our real estate agencies in the Samantan and Lombez sector\",\"publisher\":{\"@id\":\"https:\/\/immopro.fr\/en\/#organization\"},\"alternateName\":\"Immopro, l'immobilier \u00e0 Samatan et \u00e0 Lombez\",\"potentialAction\":[{\"@type\":\"SearchAction\",\"target\":{\"@type\":\"EntryPoint\",\"urlTemplate\":\"https:\/\/immopro.fr\/en\/?s={search_term_string}\"},\"query-input\":{\"@type\":\"PropertyValueSpecification\",\"valueRequired\":true,\"valueName\":\"search_term_string\"}}],\"inLanguage\":\"en-US\"},{\"@type\":\"Organization\",\"@id\":\"https:\/\/immopro.fr\/en\/#organization\",\"name\":\"Immo Pro - L'Agence d'Occitanie\",\"alternateName\":\"ImmoPro\",\"url\":\"https:\/\/immopro.fr\/en\/\",\"logo\":{\"@type\":\"ImageObject\",\"inLanguage\":\"en-US\",\"@id\":\"https:\/\/immopro.fr\/en\/#\/schema\/logo\/image\/\",\"url\":\"https:\/\/immopro.fr\/wp-content\/uploads\/2022\/10\/1-1-e1665660373133.png\",\"contentUrl\":\"https:\/\/immopro.fr\/wp-content\/uploads\/2022\/10\/1-1-e1665660373133.png\",\"width\":2000,\"height\":459,\"caption\":\"Immo Pro - L'Agence d'Occitanie\"},\"image\":{\"@id\":\"https:\/\/immopro.fr\/en\/#\/schema\/logo\/image\/\"},\"sameAs\":[\"https:\/\/www.facebook.com\/immoprolagencedoccitanie\",\"https:\/\/www.instagram.com\/immopro_lagencedoccitanie\/\"]}]}<\/script>\n<!-- \/ Yoast SEO plugin. -->","yoast_head_json":{"title":"Samatan Bel environnement - Maison de campagne &amp; D\u00e9pendances - Immo Pro - L'Agence d'Occitanie","robots":{"index":"index","follow":"follow","max-snippet":"max-snippet:-1","max-image-preview":"max-image-preview:large","max-video-preview":"max-video-preview:-1"},"canonical":"https:\/\/immopro.fr\/en\/propertie\/samatan-bel-environnement-maison-de-campagne-dependances\/","og_locale":"en_US","og_type":"article","og_title":"Samatan Bel environnement - Maison de campagne &amp; D\u00e9pendances - Immo Pro - L'Agence d'Occitanie","og_description":"Dans la campagne Gersoise, cette maison sur un terrain de plus de 8.000m\u00b2 saura vous s\u00e9duire par son potentiel, son environnement et ses b\u00e2timents. Maison de 95m\u00b2 habitables avec entr\u00e9e, cuisine ouverte sur le s\u00e9jour et sa chemin\u00e9e, deux chambres, salle d&#8217;eau et toilettes. Un chai de 17m\u00b2 peut \u00eatre transform\u00e9 en troisi\u00e8me chambre. Une [&hellip;]","og_url":"https:\/\/immopro.fr\/en\/propertie\/samatan-bel-environnement-maison-de-campagne-dependances\/","og_site_name":"Immo Pro - L'Agence d'Occitanie","article_publisher":"https:\/\/www.facebook.com\/immoprolagencedoccitanie","og_image":[{"width":1024,"height":683,"url":"https:\/\/immopro.fr\/wp-content\/uploads\/2022\/04\/ImmoproWeb_paysage_2V5A4308-1024x683.jpg","type":"image\/jpeg"}],"twitter_card":"summary_large_image","schema":{"@context":"https:\/\/schema.org","@graph":[{"@type":"WebPage","@id":"https:\/\/immopro.fr\/en\/propertie\/samatan-bel-environnement-maison-de-campagne-dependances\/","url":"https:\/\/immopro.fr\/en\/propertie\/samatan-bel-environnement-maison-de-campagne-dependances\/","name":"Samatan Bel environnement - Maison de campagne &amp; D\u00e9pendances - Immo Pro - L'Agence d'Occitanie","isPartOf":{"@id":"https:\/\/immopro.fr\/en\/#website"},"primaryImageOfPage":{"@id":"https:\/\/immopro.fr\/en\/propertie\/samatan-bel-environnement-maison-de-campagne-dependances\/#primaryimage"},"image":{"@id":"https:\/\/immopro.fr\/en\/propertie\/samatan-bel-environnement-maison-de-campagne-dependances\/#primaryimage"},"thumbnailUrl":"https:\/\/immopro.fr\/wp-content\/uploads\/2026\/02\/d5f900f612f8fcc244d81198000d6ac9_76a3daffb9_1920-original-72050.jpg","datePublished":"2026-02-20T17:28:00+00:00","dateModified":"2026-02-20T17:28:00+00:00","breadcrumb":{"@id":"https:\/\/immopro.fr\/en\/propertie\/samatan-bel-environnement-maison-de-campagne-dependances\/#breadcrumb"},"inLanguage":"en-US","potentialAction":[{"@type":"ReadAction","target":["https:\/\/immopro.fr\/en\/propertie\/samatan-bel-environnement-maison-de-campagne-dependances\/"]}]},{"@type":"ImageObject","inLanguage":"en-US","@id":"https:\/\/immopro.fr\/en\/propertie\/samatan-bel-environnement-maison-de-campagne-dependances\/#primaryimage","url":"https:\/\/immopro.fr\/wp-content\/uploads\/2026\/02\/d5f900f612f8fcc244d81198000d6ac9_76a3daffb9_1920-original-72050.jpg","contentUrl":"https:\/\/immopro.fr\/wp-content\/uploads\/2026\/02\/d5f900f612f8fcc244d81198000d6ac9_76a3daffb9_1920-original-72050.jpg","width":1920,"height":1081},{"@type":"BreadcrumbList","@id":"https:\/\/immopro.fr\/en\/propertie\/samatan-bel-environnement-maison-de-campagne-dependances\/#breadcrumb","itemListElement":[{"@type":"ListItem","position":1,"name":"Accueil","item":"https:\/\/immopro.fr\/en\/"},{"@type":"ListItem","position":2,"name":"Properties","item":"https:\/\/immopro.fr\/en\/propertie\/"},{"@type":"ListItem","position":3,"name":"Samatan Bel environnement &#8211; Maison de campagne &amp; D\u00e9pendances"}]},{"@type":"WebSite","@id":"https:\/\/immopro.fr\/en\/#website","url":"https:\/\/immopro.fr\/en\/","name":"Immo Pro - L'Agence d'Occitanie","description":"Our real estate agencies in the Samantan and Lombez sector","publisher":{"@id":"https:\/\/immopro.fr\/en\/#organization"},"alternateName":"Immopro, l'immobilier \u00e0 Samatan et \u00e0 Lombez","potentialAction":[{"@type":"SearchAction","target":{"@type":"EntryPoint","urlTemplate":"https:\/\/immopro.fr\/en\/?s={search_term_string}"},"query-input":{"@type":"PropertyValueSpecification","valueRequired":true,"valueName":"search_term_string"}}],"inLanguage":"en-US"},{"@type":"Organization","@id":"https:\/\/immopro.fr\/en\/#organization","name":"Immo Pro - L'Agence d'Occitanie","alternateName":"ImmoPro","url":"https:\/\/immopro.fr\/en\/","logo":{"@type":"ImageObject","inLanguage":"en-US","@id":"https:\/\/immopro.fr\/en\/#\/schema\/logo\/image\/","url":"https:\/\/immopro.fr\/wp-content\/uploads\/2022\/10\/1-1-e1665660373133.png","contentUrl":"https:\/\/immopro.fr\/wp-content\/uploads\/2022\/10\/1-1-e1665660373133.png","width":2000,"height":459,"caption":"Immo Pro - L'Agence d'Occitanie"},"image":{"@id":"https:\/\/immopro.fr\/en\/#\/schema\/logo\/image\/"},"sameAs":["https:\/\/www.facebook.com\/immoprolagencedoccitanie","https:\/\/www.instagram.com\/immopro_lagencedoccitanie\/"]}]}},"_links":{"self":[{"href":"https:\/\/immopro.fr\/en\/wp-json\/wp\/v2\/properties\/72051","targetHints":{"allow":["GET"]}}],"collection":[{"href":"https:\/\/immopro.fr\/en\/wp-json\/wp\/v2\/properties"}],"about":[{"href":"https:\/\/immopro.fr\/en\/wp-json\/wp\/v2\/types\/property"}],"author":[{"embeddable":true,"href":"https:\/\/immopro.fr\/en\/wp-json\/wp\/v2\/users\/1"}],"version-history":[{"count":0,"href":"https:\/\/immopro.fr\/en\/wp-json\/wp\/v2\/properties\/72051\/revisions"}],"wp:featuredmedia":[{"embeddable":true,"href":"https:\/\/immopro.fr\/en\/wp-json\/wp\/v2\/media\/72679"}],"wp:attachment":[{"href":"https:\/\/immopro.fr\/en\/wp-json\/wp\/v2\/media?parent=72051"}],"wp:term":[{"taxonomy":"property_type","embeddable":true,"href":"https:\/\/immopro.fr\/en\/wp-json\/wp\/v2\/property_type?post=72051"},{"taxonomy":"property_status","embeddable":true,"href":"https:\/\/immopro.fr\/en\/wp-json\/wp\/v2\/property_status?post=72051"},{"taxonomy":"property_feature","embeddable":true,"href":"https:\/\/immopro.fr\/en\/wp-json\/wp\/v2\/property_feature?post=72051"},{"taxonomy":"property_label","embeddable":true,"href":"https:\/\/immopro.fr\/en\/wp-json\/wp\/v2\/property_label?post=72051"},{"taxonomy":"property_country","embeddable":true,"href":"https:\/\/immopro.fr\/en\/wp-json\/wp\/v2\/property_country?post=72051"},{"taxonomy":"property_state","embeddable":true,"href":"https:\/\/immopro.fr\/en\/wp-json\/wp\/v2\/property_state?post=72051"},{"taxonomy":"property_city","embeddable":true,"href":"https:\/\/immopro.fr\/en\/wp-json\/wp\/v2\/property_city?post=72051"},{"taxonomy":"property_area","embeddable":true,"href":"https:\/\/immopro.fr\/en\/wp-json\/wp\/v2\/property_area?post=72051"}],"curies":[{"name":"wp","href":"https:\/\/api.w.org\/{rel}","templated":true}]}}