{"id":72159,"date":"2026-03-03T15:40:58","date_gmt":"2026-03-03T15:40:58","guid":{"rendered":"https:\/\/immopro.fr\/propriete\/villa-vue-pyrenees-2\/"},"modified":"2026-03-03T15:40:58","modified_gmt":"2026-03-03T15:40:58","slug":"villa-vue-pyrenees-2","status":"publish","type":"property","link":"https:\/\/immopro.fr\/en\/propertie\/villa-vue-pyrenees-2\/","title":{"rendered":"Villa &#8211; Vue Pyr\u00e9n\u00e9es"},"content":{"rendered":"<p>EXCLUSIVIT\u00c9<br \/>\nA 5mn des commodit\u00e9s, au bout d&#8217;une impasse, et au calme, villa d&#8217;environ 134m\u00b2 habitables avec un spacieux s\u00e9jour et sa chemin\u00e9e centrale, cuisine ouverte, 2 v\u00e9randas, 4 chambres avec placards dont une avec son espace douche\/lavabo, une salle d&#8217;eau ind\u00e9pendante et toilettes.<br \/>\nPiscine avec jolie terrasse expos\u00e9e Sud.<br \/>\nUn Local de jardin et chalet en bois compl\u00e8tent ce bien.<br \/>\nLe Terrain d&#8217;environ 1.550m\u00b2 est enti\u00e8rement clos, et avec de nombreuses essences d&#8217;arbres.<\/p>\n","protected":false},"excerpt":{"rendered":"<p>EXCLUSIVIT\u00c9 A 5mn des commodit\u00e9s, au bout d&#8217;une impasse, et au calme, villa d&#8217;environ 134m\u00b2 habitables avec un spacieux s\u00e9jour et sa chemin\u00e9e centrale, cuisine ouverte, 2 v\u00e9randas, 4 chambres avec placards dont une avec son espace douche\/lavabo, une salle d&#8217;eau ind\u00e9pendante et toilettes. Piscine avec jolie terrasse expos\u00e9e Sud. Un Local de jardin et [&hellip;]<\/p>\n","protected":false},"author":1,"featured_media":72655,"parent":0,"menu_order":0,"template":"","property_type":[297],"property_status":[298],"property_feature":[303,300],"property_label":[],"property_country":[382],"property_state":[],"property_city":[390],"property_area":[],"class_list":["post-72159","property","type-property","status-publish","has-post-thumbnail","hentry","property_type-house","property_status-sale","property_feature-fiber-optic","property_feature-swimming-pool","property_country-fr","property_city-samatan"],"property_meta":{"_alp_processed":["1773349246"],"ref":["86794184"],"fave_property_id":["6015"],"fave_property_price":["336000"],"fave_property_price_postfix":[""],"fave_property_size":["134"],"fave_property_size_prefix":["m\u00b2"],"fave_property_land_postfix":["m\u00b2"],"fave_property_land":["1555"],"fave_property_rooms":["6"],"fave_property_bedrooms":["4"],"fave_property_bathrooms":[""],"fave_salle-d-eau":["2"],"fave_property_garage":[""],"fave_property_year":["1990"],"fave_property_map_address":["32130, Samatan, FR"],"fave_property_map":["1"],"fave_property_address":[""],"fave_property_zip":["32130"],"fave_property_country":["FR"],"fave_property_location":["43.50088,0.9401,14"],"houzez_geolocation_lat":["43.50088"],"houzez_geolocation_long":["0.9401"],"fave_energy_performance":[""],"fave_renewable_energy_global_index":[""],"fave_energy_class":[""],"fave_energy_global_index":["145"],"fave_energy_date_dpe":["2025-02-27"],"fave_energy_montant_min":["1500"],"fave_energy_montant_max":["2090"],"fave_energy_montant_anne_ref":["2021,2022,2023"],"fave_additional_features_enable":["enable"],"fave_date_maj":["2026-04-09 11:17:20"],"fave_featured":[""],"houzez_featured_listing_date":[""],"additional_features":["a:7:{i:0;a:2:{s:29:\"fave_additional_feature_title\";s:11:\"Fee charges\";s:29:\"fave_additional_feature_value\";s:7:\"vendeur\";}i:1;a:2:{s:29:\"fave_additional_feature_title\";s:12:\"Property tax\";s:29:\"fave_additional_feature_value\";s:7:\"1089\u20ac\";}i:2;a:2:{s:29:\"fave_additional_feature_title\";s:16:\"Living room area\";s:29:\"fave_additional_feature_value\";s:5:\"40m\u00b2\";}i:3;a:2:{s:29:\"fave_additional_feature_title\";s:13:\"Number of WCs\";s:29:\"fave_additional_feature_value\";i:1;}i:4;a:2:{s:29:\"fave_additional_feature_title\";s:8:\"Exposure\";s:29:\"fave_additional_feature_value\";s:3:\"Sud\";}i:5;a:2:{s:29:\"fave_additional_feature_title\";s:9:\"Condition\";s:29:\"fave_additional_feature_value\";s:9:\"Bon \u00e9tat\";}i:6;a:2:{s:29:\"fave_additional_feature_title\";s:4:\"View\";s:29:\"fave_additional_feature_value\";N;}}"],"fave_honoraires":["vendeur"],"fave_pourcentage-d-honoraire":[""],"fave_agent_display_option":["agent_info"],"fave_agents":["48155"],"fave_property_agency":[""],"_thumbnail_id":["72655"],"_wpml_word_count":["85"],"houzez_total_property_views":["46"],"houzez_views_by_date":["a:31:{s:10:\"03-13-2026\";i:4;s:10:\"03-15-2026\";i:1;s:10:\"03-16-2026\";i:1;s:10:\"03-20-2026\";i:1;s:10:\"03-22-2026\";i:2;s:10:\"03-23-2026\";i:1;s:10:\"03-25-2026\";i:1;s:10:\"03-26-2026\";i:1;s:10:\"03-27-2026\";i:2;s:10:\"03-28-2026\";i:1;s:10:\"03-30-2026\";i:1;s:10:\"03-31-2026\";i:1;s:10:\"04-01-2026\";i:2;s:10:\"04-02-2026\";i:1;s:10:\"04-04-2026\";i:1;s:10:\"04-06-2026\";i:2;s:10:\"04-07-2026\";i:1;s:10:\"04-09-2026\";i:2;s:10:\"04-11-2026\";i:1;s:10:\"04-13-2026\";i:1;s:10:\"04-15-2026\";i:1;s:10:\"04-16-2026\";i:2;s:10:\"04-19-2026\";i:2;s:10:\"04-20-2026\";i:2;s:10:\"04-21-2026\";i:1;s:10:\"04-23-2026\";i:3;s:10:\"04-25-2026\";i:2;s:10:\"04-26-2026\";i:1;s:10:\"04-27-2026\";i:1;s:10:\"04-28-2026\";i:1;s:10:\"04-29-2026\";i:2;}"],"houzez_recently_viewed":["2026-04-29 20:31:59"],"fave_property_images":["72655","72271","72167","72171","72273","72173","72275","72175","72177","72179","72181","72183","72185","72187","72189","72191","72193"]},"acf":[],"yoast_head":"<!-- This site is optimized with the Yoast SEO plugin v23.7 - https:\/\/yoast.com\/wordpress\/plugins\/seo\/ -->\n<title>Villa - Vue Pyr\u00e9n\u00e9es - Immo Pro - L&#039;Agence d&#039;Occitanie<\/title>\n<meta name=\"robots\" content=\"index, follow, max-snippet:-1, max-image-preview:large, max-video-preview:-1\" \/>\n<link rel=\"canonical\" href=\"https:\/\/immopro.fr\/en\/propertie\/villa-vue-pyrenees-2\/\" \/>\n<meta property=\"og:locale\" content=\"en_US\" \/>\n<meta property=\"og:type\" content=\"article\" \/>\n<meta property=\"og:title\" content=\"Villa - Vue Pyr\u00e9n\u00e9es - Immo Pro - L&#039;Agence d&#039;Occitanie\" \/>\n<meta property=\"og:description\" content=\"EXCLUSIVIT\u00c9 A 5mn des commodit\u00e9s, au bout d&#8217;une impasse, et au calme, villa d&#8217;environ 134m\u00b2 habitables avec un spacieux s\u00e9jour et sa chemin\u00e9e centrale, cuisine ouverte, 2 v\u00e9randas, 4 chambres avec placards dont une avec son espace douche\/lavabo, une salle d&#8217;eau ind\u00e9pendante et toilettes. Piscine avec jolie terrasse expos\u00e9e Sud. Un Local de jardin et [&hellip;]\" \/>\n<meta property=\"og:url\" content=\"https:\/\/immopro.fr\/en\/propertie\/villa-vue-pyrenees-2\/\" \/>\n<meta property=\"og:site_name\" content=\"Immo Pro - L&#039;Agence d&#039;Occitanie\" \/>\n<meta property=\"article:publisher\" content=\"https:\/\/www.facebook.com\/immoprolagencedoccitanie\" \/>\n<meta property=\"og:image\" content=\"https:\/\/immopro.fr\/wp-content\/uploads\/2022\/04\/ImmoproWeb_paysage_2V5A4308-1024x683.jpg\" \/>\n\t<meta property=\"og:image:width\" content=\"1024\" \/>\n\t<meta property=\"og:image:height\" content=\"683\" \/>\n\t<meta property=\"og:image:type\" content=\"image\/jpeg\" \/>\n<meta name=\"twitter:card\" content=\"summary_large_image\" \/>\n<script type=\"application\/ld+json\" class=\"yoast-schema-graph\">{\"@context\":\"https:\/\/schema.org\",\"@graph\":[{\"@type\":\"WebPage\",\"@id\":\"https:\/\/immopro.fr\/en\/propertie\/villa-vue-pyrenees-2\/\",\"url\":\"https:\/\/immopro.fr\/en\/propertie\/villa-vue-pyrenees-2\/\",\"name\":\"Villa - Vue Pyr\u00e9n\u00e9es - Immo Pro - L'Agence d'Occitanie\",\"isPartOf\":{\"@id\":\"https:\/\/immopro.fr\/en\/#website\"},\"primaryImageOfPage\":{\"@id\":\"https:\/\/immopro.fr\/en\/propertie\/villa-vue-pyrenees-2\/#primaryimage\"},\"image\":{\"@id\":\"https:\/\/immopro.fr\/en\/propertie\/villa-vue-pyrenees-2\/#primaryimage\"},\"thumbnailUrl\":\"https:\/\/immopro.fr\/wp-content\/uploads\/2026\/03\/2562894011968ffc55318baa00693ae1_a7c167aa36_1536-original-72158.jpg\",\"datePublished\":\"2026-03-03T15:40:58+00:00\",\"dateModified\":\"2026-03-03T15:40:58+00:00\",\"breadcrumb\":{\"@id\":\"https:\/\/immopro.fr\/en\/propertie\/villa-vue-pyrenees-2\/#breadcrumb\"},\"inLanguage\":\"en-US\",\"potentialAction\":[{\"@type\":\"ReadAction\",\"target\":[\"https:\/\/immopro.fr\/en\/propertie\/villa-vue-pyrenees-2\/\"]}]},{\"@type\":\"ImageObject\",\"inLanguage\":\"en-US\",\"@id\":\"https:\/\/immopro.fr\/en\/propertie\/villa-vue-pyrenees-2\/#primaryimage\",\"url\":\"https:\/\/immopro.fr\/wp-content\/uploads\/2026\/03\/2562894011968ffc55318baa00693ae1_a7c167aa36_1536-original-72158.jpg\",\"contentUrl\":\"https:\/\/immopro.fr\/wp-content\/uploads\/2026\/03\/2562894011968ffc55318baa00693ae1_a7c167aa36_1536-original-72158.jpg\",\"width\":1536,\"height\":1202},{\"@type\":\"BreadcrumbList\",\"@id\":\"https:\/\/immopro.fr\/en\/propertie\/villa-vue-pyrenees-2\/#breadcrumb\",\"itemListElement\":[{\"@type\":\"ListItem\",\"position\":1,\"name\":\"Accueil\",\"item\":\"https:\/\/immopro.fr\/en\/\"},{\"@type\":\"ListItem\",\"position\":2,\"name\":\"Properties\",\"item\":\"https:\/\/immopro.fr\/en\/propertie\/\"},{\"@type\":\"ListItem\",\"position\":3,\"name\":\"Villa &#8211; Vue Pyr\u00e9n\u00e9es\"}]},{\"@type\":\"WebSite\",\"@id\":\"https:\/\/immopro.fr\/en\/#website\",\"url\":\"https:\/\/immopro.fr\/en\/\",\"name\":\"Immo Pro - L'Agence d'Occitanie\",\"description\":\"Our real estate agencies in the Samantan and Lombez sector\",\"publisher\":{\"@id\":\"https:\/\/immopro.fr\/en\/#organization\"},\"alternateName\":\"Immopro, l'immobilier \u00e0 Samatan et \u00e0 Lombez\",\"potentialAction\":[{\"@type\":\"SearchAction\",\"target\":{\"@type\":\"EntryPoint\",\"urlTemplate\":\"https:\/\/immopro.fr\/en\/?s={search_term_string}\"},\"query-input\":{\"@type\":\"PropertyValueSpecification\",\"valueRequired\":true,\"valueName\":\"search_term_string\"}}],\"inLanguage\":\"en-US\"},{\"@type\":\"Organization\",\"@id\":\"https:\/\/immopro.fr\/en\/#organization\",\"name\":\"Immo Pro - L'Agence d'Occitanie\",\"alternateName\":\"ImmoPro\",\"url\":\"https:\/\/immopro.fr\/en\/\",\"logo\":{\"@type\":\"ImageObject\",\"inLanguage\":\"en-US\",\"@id\":\"https:\/\/immopro.fr\/en\/#\/schema\/logo\/image\/\",\"url\":\"https:\/\/immopro.fr\/wp-content\/uploads\/2022\/10\/1-1-e1665660373133.png\",\"contentUrl\":\"https:\/\/immopro.fr\/wp-content\/uploads\/2022\/10\/1-1-e1665660373133.png\",\"width\":2000,\"height\":459,\"caption\":\"Immo Pro - L'Agence d'Occitanie\"},\"image\":{\"@id\":\"https:\/\/immopro.fr\/en\/#\/schema\/logo\/image\/\"},\"sameAs\":[\"https:\/\/www.facebook.com\/immoprolagencedoccitanie\",\"https:\/\/www.instagram.com\/immopro_lagencedoccitanie\/\"]}]}<\/script>\n<!-- \/ Yoast SEO plugin. -->","yoast_head_json":{"title":"Villa - Vue Pyr\u00e9n\u00e9es - Immo Pro - L'Agence d'Occitanie","robots":{"index":"index","follow":"follow","max-snippet":"max-snippet:-1","max-image-preview":"max-image-preview:large","max-video-preview":"max-video-preview:-1"},"canonical":"https:\/\/immopro.fr\/en\/propertie\/villa-vue-pyrenees-2\/","og_locale":"en_US","og_type":"article","og_title":"Villa - Vue Pyr\u00e9n\u00e9es - Immo Pro - L'Agence d'Occitanie","og_description":"EXCLUSIVIT\u00c9 A 5mn des commodit\u00e9s, au bout d&#8217;une impasse, et au calme, villa d&#8217;environ 134m\u00b2 habitables avec un spacieux s\u00e9jour et sa chemin\u00e9e centrale, cuisine ouverte, 2 v\u00e9randas, 4 chambres avec placards dont une avec son espace douche\/lavabo, une salle d&#8217;eau ind\u00e9pendante et toilettes. Piscine avec jolie terrasse expos\u00e9e Sud. Un Local de jardin et [&hellip;]","og_url":"https:\/\/immopro.fr\/en\/propertie\/villa-vue-pyrenees-2\/","og_site_name":"Immo Pro - L'Agence d'Occitanie","article_publisher":"https:\/\/www.facebook.com\/immoprolagencedoccitanie","og_image":[{"width":1024,"height":683,"url":"https:\/\/immopro.fr\/wp-content\/uploads\/2022\/04\/ImmoproWeb_paysage_2V5A4308-1024x683.jpg","type":"image\/jpeg"}],"twitter_card":"summary_large_image","schema":{"@context":"https:\/\/schema.org","@graph":[{"@type":"WebPage","@id":"https:\/\/immopro.fr\/en\/propertie\/villa-vue-pyrenees-2\/","url":"https:\/\/immopro.fr\/en\/propertie\/villa-vue-pyrenees-2\/","name":"Villa - Vue Pyr\u00e9n\u00e9es - Immo Pro - L'Agence d'Occitanie","isPartOf":{"@id":"https:\/\/immopro.fr\/en\/#website"},"primaryImageOfPage":{"@id":"https:\/\/immopro.fr\/en\/propertie\/villa-vue-pyrenees-2\/#primaryimage"},"image":{"@id":"https:\/\/immopro.fr\/en\/propertie\/villa-vue-pyrenees-2\/#primaryimage"},"thumbnailUrl":"https:\/\/immopro.fr\/wp-content\/uploads\/2026\/03\/2562894011968ffc55318baa00693ae1_a7c167aa36_1536-original-72158.jpg","datePublished":"2026-03-03T15:40:58+00:00","dateModified":"2026-03-03T15:40:58+00:00","breadcrumb":{"@id":"https:\/\/immopro.fr\/en\/propertie\/villa-vue-pyrenees-2\/#breadcrumb"},"inLanguage":"en-US","potentialAction":[{"@type":"ReadAction","target":["https:\/\/immopro.fr\/en\/propertie\/villa-vue-pyrenees-2\/"]}]},{"@type":"ImageObject","inLanguage":"en-US","@id":"https:\/\/immopro.fr\/en\/propertie\/villa-vue-pyrenees-2\/#primaryimage","url":"https:\/\/immopro.fr\/wp-content\/uploads\/2026\/03\/2562894011968ffc55318baa00693ae1_a7c167aa36_1536-original-72158.jpg","contentUrl":"https:\/\/immopro.fr\/wp-content\/uploads\/2026\/03\/2562894011968ffc55318baa00693ae1_a7c167aa36_1536-original-72158.jpg","width":1536,"height":1202},{"@type":"BreadcrumbList","@id":"https:\/\/immopro.fr\/en\/propertie\/villa-vue-pyrenees-2\/#breadcrumb","itemListElement":[{"@type":"ListItem","position":1,"name":"Accueil","item":"https:\/\/immopro.fr\/en\/"},{"@type":"ListItem","position":2,"name":"Properties","item":"https:\/\/immopro.fr\/en\/propertie\/"},{"@type":"ListItem","position":3,"name":"Villa &#8211; Vue Pyr\u00e9n\u00e9es"}]},{"@type":"WebSite","@id":"https:\/\/immopro.fr\/en\/#website","url":"https:\/\/immopro.fr\/en\/","name":"Immo Pro - L'Agence d'Occitanie","description":"Our real estate agencies in the Samantan and Lombez sector","publisher":{"@id":"https:\/\/immopro.fr\/en\/#organization"},"alternateName":"Immopro, l'immobilier \u00e0 Samatan et \u00e0 Lombez","potentialAction":[{"@type":"SearchAction","target":{"@type":"EntryPoint","urlTemplate":"https:\/\/immopro.fr\/en\/?s={search_term_string}"},"query-input":{"@type":"PropertyValueSpecification","valueRequired":true,"valueName":"search_term_string"}}],"inLanguage":"en-US"},{"@type":"Organization","@id":"https:\/\/immopro.fr\/en\/#organization","name":"Immo Pro - L'Agence d'Occitanie","alternateName":"ImmoPro","url":"https:\/\/immopro.fr\/en\/","logo":{"@type":"ImageObject","inLanguage":"en-US","@id":"https:\/\/immopro.fr\/en\/#\/schema\/logo\/image\/","url":"https:\/\/immopro.fr\/wp-content\/uploads\/2022\/10\/1-1-e1665660373133.png","contentUrl":"https:\/\/immopro.fr\/wp-content\/uploads\/2022\/10\/1-1-e1665660373133.png","width":2000,"height":459,"caption":"Immo Pro - L'Agence d'Occitanie"},"image":{"@id":"https:\/\/immopro.fr\/en\/#\/schema\/logo\/image\/"},"sameAs":["https:\/\/www.facebook.com\/immoprolagencedoccitanie","https:\/\/www.instagram.com\/immopro_lagencedoccitanie\/"]}]}},"_links":{"self":[{"href":"https:\/\/immopro.fr\/en\/wp-json\/wp\/v2\/properties\/72159","targetHints":{"allow":["GET"]}}],"collection":[{"href":"https:\/\/immopro.fr\/en\/wp-json\/wp\/v2\/properties"}],"about":[{"href":"https:\/\/immopro.fr\/en\/wp-json\/wp\/v2\/types\/property"}],"author":[{"embeddable":true,"href":"https:\/\/immopro.fr\/en\/wp-json\/wp\/v2\/users\/1"}],"version-history":[{"count":0,"href":"https:\/\/immopro.fr\/en\/wp-json\/wp\/v2\/properties\/72159\/revisions"}],"wp:featuredmedia":[{"embeddable":true,"href":"https:\/\/immopro.fr\/en\/wp-json\/wp\/v2\/media\/72655"}],"wp:attachment":[{"href":"https:\/\/immopro.fr\/en\/wp-json\/wp\/v2\/media?parent=72159"}],"wp:term":[{"taxonomy":"property_type","embeddable":true,"href":"https:\/\/immopro.fr\/en\/wp-json\/wp\/v2\/property_type?post=72159"},{"taxonomy":"property_status","embeddable":true,"href":"https:\/\/immopro.fr\/en\/wp-json\/wp\/v2\/property_status?post=72159"},{"taxonomy":"property_feature","embeddable":true,"href":"https:\/\/immopro.fr\/en\/wp-json\/wp\/v2\/property_feature?post=72159"},{"taxonomy":"property_label","embeddable":true,"href":"https:\/\/immopro.fr\/en\/wp-json\/wp\/v2\/property_label?post=72159"},{"taxonomy":"property_country","embeddable":true,"href":"https:\/\/immopro.fr\/en\/wp-json\/wp\/v2\/property_country?post=72159"},{"taxonomy":"property_state","embeddable":true,"href":"https:\/\/immopro.fr\/en\/wp-json\/wp\/v2\/property_state?post=72159"},{"taxonomy":"property_city","embeddable":true,"href":"https:\/\/immopro.fr\/en\/wp-json\/wp\/v2\/property_city?post=72159"},{"taxonomy":"property_area","embeddable":true,"href":"https:\/\/immopro.fr\/en\/wp-json\/wp\/v2\/property_area?post=72159"}],"curies":[{"name":"wp","href":"https:\/\/api.w.org\/{rel}","templated":true}]}}