{"id":72797,"date":"2026-04-17T15:16:55","date_gmt":"2026-04-17T15:16:55","guid":{"rendered":"https:\/\/immopro.fr\/propriete\/villa-5-pieces-120m%c2%b2-vue-pyrenees\/"},"modified":"2026-04-17T15:16:55","modified_gmt":"2026-04-17T15:16:55","slug":"villa-5-pieces-120m%c2%b2-vue-pyrenees","status":"publish","type":"property","link":"https:\/\/immopro.fr\/en\/propertie\/villa-5-pieces-120m%c2%b2-vue-pyrenees\/","title":{"rendered":"Villa 5 pi\u00e8ces 120m\u00b2  Vue Pyr\u00e9n\u00e9es"},"content":{"rendered":"<p>\u00c0 seulement 10mn de Samatan\/Lombez, cette maison de plain-pied contemporaine de 120m\u00b2 habitables a \u00e9t\u00e9 construite en 2023 sur un terrain d\u2019environ 9.400m\u00b2 avec un panorama remarquable sur les Pyr\u00e9n\u00e9es.<\/p>\n<p>Grande pi\u00e8ce de vie de 50m\u00b2 avec une hauteur sous plafond de 3m et sa cuisine ouverte am\u00e9nag\u00e9e et \u00e9quip\u00e9e, cellier-buanderie, 4 chambres, dont une suite parentale confortable avec dressing, salle d\u2019eau et toilettes privatifs, seconde salle d\u2019eau, toilettes ind\u00e9pendantes et plusieurs espaces de rangement.<\/p>\n<p>Maison disponible au 1er ao\u00fbt.<\/p>\n<p>Maison lou\u00e9e vide 900\u20ac\/mois hors charges<br \/>\nCharges : provision mensuelle d&#8217;environ 100\u20ac <\/p>\n<p>D\u00e9p\u00f4t de garantie: 1 mois de loyer hors charges<br \/>\nFrais d&#8217;agence: 842,40 \u20ac TTC<\/p>\n<p>\u2705 Dossier s\u00e9rieux exig\u00e9<br \/>\n\ud83d\udcde Pour plus d\u2019informations ou pour organiser une visite, merci de nous contacter par message ou t\u00e9l\u00e9phone.<\/p>\n<p>Annonce diffus\u00e9e pour le compte de l\u2019agence itulaire de la carte professionnelle n\u00b0 CPI 3201 2026 000 000 007  de\u0301livre\u0301e par la CCI d\u2019Auch. Assurance RCP aupre\u0300s de Galian-Smabtp nume\u0301ro de police RCP_01_175555V et garantie de de\u0301tention de fonds pour un montant de 120 000 \u20ac pour l\u2019activite\u0301 de gestion immobilie\u0300re.<\/p>\n","protected":false},"excerpt":{"rendered":"<p>\u00c0 seulement 10mn de Samatan\/Lombez, cette maison de plain-pied contemporaine de 120m\u00b2 habitables a \u00e9t\u00e9 construite en 2023 sur un terrain d\u2019environ 9.400m\u00b2 avec un panorama remarquable sur les Pyr\u00e9n\u00e9es. Grande pi\u00e8ce de vie de 50m\u00b2 avec une hauteur sous plafond de 3m et sa cuisine ouverte am\u00e9nag\u00e9e et \u00e9quip\u00e9e, cellier-buanderie, 4 chambres, dont une [&hellip;]<\/p>\n","protected":false},"author":1,"featured_media":72799,"parent":0,"menu_order":0,"template":"","property_type":[297],"property_status":[378],"property_feature":[],"property_label":[],"property_country":[382],"property_state":[],"property_city":[365],"property_area":[],"class_list":["post-72797","property","type-property","status-publish","has-post-thumbnail","hentry","property_type-house","property_status-rental","property_country-fr","property_city-tournan"],"property_meta":{"_alp_processed":["1777377656"],"ref":["86924478"],"fave_property_id":["L118"],"fave_property_price":["900"],"fave_property_price_postfix":["\/month"],"fave_property_size":["120.32"],"fave_property_size_prefix":["m\u00b2"],"fave_property_land_postfix":["m\u00b2"],"fave_property_land":["9442"],"fave_property_rooms":["5"],"fave_property_bedrooms":["4"],"fave_property_bathrooms":[""],"fave_salle-d-eau":["1"],"fave_property_garage":[""],"fave_property_year":[""],"fave_property_map_address":["32420, Tournan, FR"],"fave_property_map":["1"],"fave_property_address":[""],"fave_property_zip":["32420"],"fave_property_country":["FR"],"fave_property_location":["43.41075,0.79986,14"],"houzez_geolocation_lat":["43.41075"],"houzez_geolocation_long":["0.79986"],"fave_energy_performance":[""],"fave_renewable_energy_global_index":["1"],"fave_energy_class":[""],"fave_energy_global_index":["58"],"fave_energy_date_dpe":["2026-04-17"],"fave_energy_montant_min":["500"],"fave_energy_montant_max":["870"],"fave_energy_montant_anne_ref":["2023"],"fave_additional_features_enable":["enable"],"fave_date_maj":["2026-04-29 17:40:03"],"fave_featured":[""],"houzez_featured_listing_date":[""],"additional_features":["a:5:{i:0;a:2:{s:29:\"fave_additional_feature_title\";s:9:\"Rent type\";s:29:\"fave_additional_feature_value\";s:2:\"CC\";}i:1;a:2:{s:29:\"fave_additional_feature_title\";s:16:\"Security deposit\";s:29:\"fave_additional_feature_value\";s:6:\"900\u20ac\";}i:2;a:2:{s:29:\"fave_additional_feature_title\";s:13:\"Number of WCs\";s:29:\"fave_additional_feature_value\";i:1;}i:3;a:2:{s:29:\"fave_additional_feature_title\";s:9:\"Condition\";s:29:\"fave_additional_feature_value\";s:4:\"Neuf\";}i:4;a:2:{s:29:\"fave_additional_feature_title\";s:4:\"View\";s:29:\"fave_additional_feature_value\";N;}}"],"fave_honoraires":[""],"fave_pourcentage-d-honoraire":[""],"fave_agent_display_option":["agent_info"],"fave_agents":["62580"],"fave_property_agency":[""],"_thumbnail_id":["72799"],"_wpml_word_count":["200"],"houzez_total_property_views":["8"],"houzez_views_by_date":["a:2:{s:10:\"04-28-2026\";i:3;s:10:\"04-29-2026\";i:5;}"],"houzez_recently_viewed":["2026-04-29 20:26:52"],"fave_property_images":["72799","72801","72803","72805","72807","72809","72811","72813","72815","72817"]},"acf":[],"yoast_head":"<!-- This site is optimized with the Yoast SEO plugin v23.7 - https:\/\/yoast.com\/wordpress\/plugins\/seo\/ -->\n<title>Villa 5 pi\u00e8ces 120m\u00b2 Vue Pyr\u00e9n\u00e9es - Immo Pro - L&#039;Agence d&#039;Occitanie<\/title>\n<meta name=\"robots\" content=\"index, follow, max-snippet:-1, max-image-preview:large, max-video-preview:-1\" \/>\n<link rel=\"canonical\" href=\"https:\/\/immopro.fr\/en\/propertie\/villa-5-pieces-120m%c2%b2-vue-pyrenees\/\" \/>\n<meta property=\"og:locale\" content=\"en_US\" \/>\n<meta property=\"og:type\" content=\"article\" \/>\n<meta property=\"og:title\" content=\"Villa 5 pi\u00e8ces 120m\u00b2 Vue Pyr\u00e9n\u00e9es - Immo Pro - L&#039;Agence d&#039;Occitanie\" \/>\n<meta property=\"og:description\" content=\"\u00c0 seulement 10mn de Samatan\/Lombez, cette maison de plain-pied contemporaine de 120m\u00b2 habitables a \u00e9t\u00e9 construite en 2023 sur un terrain d\u2019environ 9.400m\u00b2 avec un panorama remarquable sur les Pyr\u00e9n\u00e9es. Grande pi\u00e8ce de vie de 50m\u00b2 avec une hauteur sous plafond de 3m et sa cuisine ouverte am\u00e9nag\u00e9e et \u00e9quip\u00e9e, cellier-buanderie, 4 chambres, dont une [&hellip;]\" \/>\n<meta property=\"og:url\" content=\"https:\/\/immopro.fr\/en\/propertie\/villa-5-pieces-120m%c2%b2-vue-pyrenees\/\" \/>\n<meta property=\"og:site_name\" content=\"Immo Pro - L&#039;Agence d&#039;Occitanie\" \/>\n<meta property=\"article:publisher\" content=\"https:\/\/www.facebook.com\/immoprolagencedoccitanie\" \/>\n<meta property=\"og:image\" content=\"https:\/\/immopro.fr\/wp-content\/uploads\/2022\/04\/ImmoproWeb_paysage_2V5A4308-1024x683.jpg\" \/>\n\t<meta property=\"og:image:width\" content=\"1024\" \/>\n\t<meta property=\"og:image:height\" content=\"683\" \/>\n\t<meta property=\"og:image:type\" content=\"image\/jpeg\" \/>\n<meta name=\"twitter:card\" content=\"summary_large_image\" \/>\n<meta name=\"twitter:label1\" content=\"Est. reading time\" \/>\n\t<meta name=\"twitter:data1\" content=\"1 minute\" \/>\n<script type=\"application\/ld+json\" class=\"yoast-schema-graph\">{\"@context\":\"https:\/\/schema.org\",\"@graph\":[{\"@type\":\"WebPage\",\"@id\":\"https:\/\/immopro.fr\/en\/propertie\/villa-5-pieces-120m%c2%b2-vue-pyrenees\/\",\"url\":\"https:\/\/immopro.fr\/en\/propertie\/villa-5-pieces-120m%c2%b2-vue-pyrenees\/\",\"name\":\"Villa 5 pi\u00e8ces 120m\u00b2 Vue Pyr\u00e9n\u00e9es - Immo Pro - L'Agence d'Occitanie\",\"isPartOf\":{\"@id\":\"https:\/\/immopro.fr\/en\/#website\"},\"primaryImageOfPage\":{\"@id\":\"https:\/\/immopro.fr\/en\/propertie\/villa-5-pieces-120m%c2%b2-vue-pyrenees\/#primaryimage\"},\"image\":{\"@id\":\"https:\/\/immopro.fr\/en\/propertie\/villa-5-pieces-120m%c2%b2-vue-pyrenees\/#primaryimage\"},\"thumbnailUrl\":\"https:\/\/immopro.fr\/wp-content\/uploads\/2026\/04\/5b2f90da95063ef1dff788a80f1cde25_233615035d_1536-original-72796.jpg\",\"datePublished\":\"2026-04-17T15:16:55+00:00\",\"dateModified\":\"2026-04-17T15:16:55+00:00\",\"breadcrumb\":{\"@id\":\"https:\/\/immopro.fr\/en\/propertie\/villa-5-pieces-120m%c2%b2-vue-pyrenees\/#breadcrumb\"},\"inLanguage\":\"en-US\",\"potentialAction\":[{\"@type\":\"ReadAction\",\"target\":[\"https:\/\/immopro.fr\/en\/propertie\/villa-5-pieces-120m%c2%b2-vue-pyrenees\/\"]}]},{\"@type\":\"ImageObject\",\"inLanguage\":\"en-US\",\"@id\":\"https:\/\/immopro.fr\/en\/propertie\/villa-5-pieces-120m%c2%b2-vue-pyrenees\/#primaryimage\",\"url\":\"https:\/\/immopro.fr\/wp-content\/uploads\/2026\/04\/5b2f90da95063ef1dff788a80f1cde25_233615035d_1536-original-72796.jpg\",\"contentUrl\":\"https:\/\/immopro.fr\/wp-content\/uploads\/2026\/04\/5b2f90da95063ef1dff788a80f1cde25_233615035d_1536-original-72796.jpg\",\"width\":1536,\"height\":1024},{\"@type\":\"BreadcrumbList\",\"@id\":\"https:\/\/immopro.fr\/en\/propertie\/villa-5-pieces-120m%c2%b2-vue-pyrenees\/#breadcrumb\",\"itemListElement\":[{\"@type\":\"ListItem\",\"position\":1,\"name\":\"Accueil\",\"item\":\"https:\/\/immopro.fr\/en\/\"},{\"@type\":\"ListItem\",\"position\":2,\"name\":\"Properties\",\"item\":\"https:\/\/immopro.fr\/en\/propertie\/\"},{\"@type\":\"ListItem\",\"position\":3,\"name\":\"Villa 5 pi\u00e8ces 120m\u00b2 Vue Pyr\u00e9n\u00e9es\"}]},{\"@type\":\"WebSite\",\"@id\":\"https:\/\/immopro.fr\/en\/#website\",\"url\":\"https:\/\/immopro.fr\/en\/\",\"name\":\"Immo Pro - L'Agence d'Occitanie\",\"description\":\"Our real estate agencies in the Samantan and Lombez sector\",\"publisher\":{\"@id\":\"https:\/\/immopro.fr\/en\/#organization\"},\"alternateName\":\"Immopro, l'immobilier \u00e0 Samatan et \u00e0 Lombez\",\"potentialAction\":[{\"@type\":\"SearchAction\",\"target\":{\"@type\":\"EntryPoint\",\"urlTemplate\":\"https:\/\/immopro.fr\/en\/?s={search_term_string}\"},\"query-input\":{\"@type\":\"PropertyValueSpecification\",\"valueRequired\":true,\"valueName\":\"search_term_string\"}}],\"inLanguage\":\"en-US\"},{\"@type\":\"Organization\",\"@id\":\"https:\/\/immopro.fr\/en\/#organization\",\"name\":\"Immo Pro - L'Agence d'Occitanie\",\"alternateName\":\"ImmoPro\",\"url\":\"https:\/\/immopro.fr\/en\/\",\"logo\":{\"@type\":\"ImageObject\",\"inLanguage\":\"en-US\",\"@id\":\"https:\/\/immopro.fr\/en\/#\/schema\/logo\/image\/\",\"url\":\"https:\/\/immopro.fr\/wp-content\/uploads\/2022\/10\/1-1-e1665660373133.png\",\"contentUrl\":\"https:\/\/immopro.fr\/wp-content\/uploads\/2022\/10\/1-1-e1665660373133.png\",\"width\":2000,\"height\":459,\"caption\":\"Immo Pro - L'Agence d'Occitanie\"},\"image\":{\"@id\":\"https:\/\/immopro.fr\/en\/#\/schema\/logo\/image\/\"},\"sameAs\":[\"https:\/\/www.facebook.com\/immoprolagencedoccitanie\",\"https:\/\/www.instagram.com\/immopro_lagencedoccitanie\/\"]}]}<\/script>\n<!-- \/ Yoast SEO plugin. -->","yoast_head_json":{"title":"Villa 5 pi\u00e8ces 120m\u00b2 Vue Pyr\u00e9n\u00e9es - Immo Pro - L'Agence d'Occitanie","robots":{"index":"index","follow":"follow","max-snippet":"max-snippet:-1","max-image-preview":"max-image-preview:large","max-video-preview":"max-video-preview:-1"},"canonical":"https:\/\/immopro.fr\/en\/propertie\/villa-5-pieces-120m%c2%b2-vue-pyrenees\/","og_locale":"en_US","og_type":"article","og_title":"Villa 5 pi\u00e8ces 120m\u00b2 Vue Pyr\u00e9n\u00e9es - Immo Pro - L'Agence d'Occitanie","og_description":"\u00c0 seulement 10mn de Samatan\/Lombez, cette maison de plain-pied contemporaine de 120m\u00b2 habitables a \u00e9t\u00e9 construite en 2023 sur un terrain d\u2019environ 9.400m\u00b2 avec un panorama remarquable sur les Pyr\u00e9n\u00e9es. Grande pi\u00e8ce de vie de 50m\u00b2 avec une hauteur sous plafond de 3m et sa cuisine ouverte am\u00e9nag\u00e9e et \u00e9quip\u00e9e, cellier-buanderie, 4 chambres, dont une [&hellip;]","og_url":"https:\/\/immopro.fr\/en\/propertie\/villa-5-pieces-120m%c2%b2-vue-pyrenees\/","og_site_name":"Immo Pro - L'Agence d'Occitanie","article_publisher":"https:\/\/www.facebook.com\/immoprolagencedoccitanie","og_image":[{"width":1024,"height":683,"url":"https:\/\/immopro.fr\/wp-content\/uploads\/2022\/04\/ImmoproWeb_paysage_2V5A4308-1024x683.jpg","type":"image\/jpeg"}],"twitter_card":"summary_large_image","twitter_misc":{"Est. reading time":"1 minute"},"schema":{"@context":"https:\/\/schema.org","@graph":[{"@type":"WebPage","@id":"https:\/\/immopro.fr\/en\/propertie\/villa-5-pieces-120m%c2%b2-vue-pyrenees\/","url":"https:\/\/immopro.fr\/en\/propertie\/villa-5-pieces-120m%c2%b2-vue-pyrenees\/","name":"Villa 5 pi\u00e8ces 120m\u00b2 Vue Pyr\u00e9n\u00e9es - Immo Pro - L'Agence d'Occitanie","isPartOf":{"@id":"https:\/\/immopro.fr\/en\/#website"},"primaryImageOfPage":{"@id":"https:\/\/immopro.fr\/en\/propertie\/villa-5-pieces-120m%c2%b2-vue-pyrenees\/#primaryimage"},"image":{"@id":"https:\/\/immopro.fr\/en\/propertie\/villa-5-pieces-120m%c2%b2-vue-pyrenees\/#primaryimage"},"thumbnailUrl":"https:\/\/immopro.fr\/wp-content\/uploads\/2026\/04\/5b2f90da95063ef1dff788a80f1cde25_233615035d_1536-original-72796.jpg","datePublished":"2026-04-17T15:16:55+00:00","dateModified":"2026-04-17T15:16:55+00:00","breadcrumb":{"@id":"https:\/\/immopro.fr\/en\/propertie\/villa-5-pieces-120m%c2%b2-vue-pyrenees\/#breadcrumb"},"inLanguage":"en-US","potentialAction":[{"@type":"ReadAction","target":["https:\/\/immopro.fr\/en\/propertie\/villa-5-pieces-120m%c2%b2-vue-pyrenees\/"]}]},{"@type":"ImageObject","inLanguage":"en-US","@id":"https:\/\/immopro.fr\/en\/propertie\/villa-5-pieces-120m%c2%b2-vue-pyrenees\/#primaryimage","url":"https:\/\/immopro.fr\/wp-content\/uploads\/2026\/04\/5b2f90da95063ef1dff788a80f1cde25_233615035d_1536-original-72796.jpg","contentUrl":"https:\/\/immopro.fr\/wp-content\/uploads\/2026\/04\/5b2f90da95063ef1dff788a80f1cde25_233615035d_1536-original-72796.jpg","width":1536,"height":1024},{"@type":"BreadcrumbList","@id":"https:\/\/immopro.fr\/en\/propertie\/villa-5-pieces-120m%c2%b2-vue-pyrenees\/#breadcrumb","itemListElement":[{"@type":"ListItem","position":1,"name":"Accueil","item":"https:\/\/immopro.fr\/en\/"},{"@type":"ListItem","position":2,"name":"Properties","item":"https:\/\/immopro.fr\/en\/propertie\/"},{"@type":"ListItem","position":3,"name":"Villa 5 pi\u00e8ces 120m\u00b2 Vue Pyr\u00e9n\u00e9es"}]},{"@type":"WebSite","@id":"https:\/\/immopro.fr\/en\/#website","url":"https:\/\/immopro.fr\/en\/","name":"Immo Pro - L'Agence d'Occitanie","description":"Our real estate agencies in the Samantan and Lombez sector","publisher":{"@id":"https:\/\/immopro.fr\/en\/#organization"},"alternateName":"Immopro, l'immobilier \u00e0 Samatan et \u00e0 Lombez","potentialAction":[{"@type":"SearchAction","target":{"@type":"EntryPoint","urlTemplate":"https:\/\/immopro.fr\/en\/?s={search_term_string}"},"query-input":{"@type":"PropertyValueSpecification","valueRequired":true,"valueName":"search_term_string"}}],"inLanguage":"en-US"},{"@type":"Organization","@id":"https:\/\/immopro.fr\/en\/#organization","name":"Immo Pro - L'Agence d'Occitanie","alternateName":"ImmoPro","url":"https:\/\/immopro.fr\/en\/","logo":{"@type":"ImageObject","inLanguage":"en-US","@id":"https:\/\/immopro.fr\/en\/#\/schema\/logo\/image\/","url":"https:\/\/immopro.fr\/wp-content\/uploads\/2022\/10\/1-1-e1665660373133.png","contentUrl":"https:\/\/immopro.fr\/wp-content\/uploads\/2022\/10\/1-1-e1665660373133.png","width":2000,"height":459,"caption":"Immo Pro - L'Agence d'Occitanie"},"image":{"@id":"https:\/\/immopro.fr\/en\/#\/schema\/logo\/image\/"},"sameAs":["https:\/\/www.facebook.com\/immoprolagencedoccitanie","https:\/\/www.instagram.com\/immopro_lagencedoccitanie\/"]}]}},"_links":{"self":[{"href":"https:\/\/immopro.fr\/en\/wp-json\/wp\/v2\/properties\/72797","targetHints":{"allow":["GET"]}}],"collection":[{"href":"https:\/\/immopro.fr\/en\/wp-json\/wp\/v2\/properties"}],"about":[{"href":"https:\/\/immopro.fr\/en\/wp-json\/wp\/v2\/types\/property"}],"author":[{"embeddable":true,"href":"https:\/\/immopro.fr\/en\/wp-json\/wp\/v2\/users\/1"}],"version-history":[{"count":0,"href":"https:\/\/immopro.fr\/en\/wp-json\/wp\/v2\/properties\/72797\/revisions"}],"wp:featuredmedia":[{"embeddable":true,"href":"https:\/\/immopro.fr\/en\/wp-json\/wp\/v2\/media\/72799"}],"wp:attachment":[{"href":"https:\/\/immopro.fr\/en\/wp-json\/wp\/v2\/media?parent=72797"}],"wp:term":[{"taxonomy":"property_type","embeddable":true,"href":"https:\/\/immopro.fr\/en\/wp-json\/wp\/v2\/property_type?post=72797"},{"taxonomy":"property_status","embeddable":true,"href":"https:\/\/immopro.fr\/en\/wp-json\/wp\/v2\/property_status?post=72797"},{"taxonomy":"property_feature","embeddable":true,"href":"https:\/\/immopro.fr\/en\/wp-json\/wp\/v2\/property_feature?post=72797"},{"taxonomy":"property_label","embeddable":true,"href":"https:\/\/immopro.fr\/en\/wp-json\/wp\/v2\/property_label?post=72797"},{"taxonomy":"property_country","embeddable":true,"href":"https:\/\/immopro.fr\/en\/wp-json\/wp\/v2\/property_country?post=72797"},{"taxonomy":"property_state","embeddable":true,"href":"https:\/\/immopro.fr\/en\/wp-json\/wp\/v2\/property_state?post=72797"},{"taxonomy":"property_city","embeddable":true,"href":"https:\/\/immopro.fr\/en\/wp-json\/wp\/v2\/property_city?post=72797"},{"taxonomy":"property_area","embeddable":true,"href":"https:\/\/immopro.fr\/en\/wp-json\/wp\/v2\/property_area?post=72797"}],"curies":[{"name":"wp","href":"https:\/\/api.w.org\/{rel}","templated":true}]}}