{"id":72819,"date":"2026-03-10T15:39:15","date_gmt":"2026-03-10T15:39:15","guid":{"rendered":"https:\/\/immopro.fr\/propriete\/samatan-appartement-t3-de-45m%c2%b2\/"},"modified":"2026-03-10T15:39:15","modified_gmt":"2026-03-10T15:39:15","slug":"samatan-appartement-t3-de-45m%c2%b2","status":"publish","type":"property","link":"https:\/\/immopro.fr\/en\/propertie\/samatan-appartement-t3-de-45m%c2%b2\/","title":{"rendered":"Samatan &#8211; Appartement T3 de 45m\u00b2"},"content":{"rendered":"<p>Dans le centre de Samatan \u00e0 proximit\u00e9 imm\u00e9diate des commerces, \u00e9coles, transports et places de parking (accessibles \u00e0 pied), au 1er \u00e9tage d&#8217;un petit immeuble, Appartement T3, en bon \u00e9tat et au calme, de 45m\u00b2 habitables.<\/p>\n<p>S\u00e9jour avec cuisine \u00e9quip\u00e9e, donnant sur un balcon avec vue sur le jardin de la co-propri\u00e9t\u00e9, 2 chambres, une salle d&#8217;eau, toilettes s\u00e9par\u00e9es et placard. Chauffage \u00e9lectrique.<br \/>\nAppartement lou\u00e9 meubl\u00e9. Disponible.<br \/>\nLoyer: 570 \u20ac hors charges<br \/>\nCharges : 10 \u20ac<br \/>\nD\u00e9p\u00f4t de garantie: 2 mois de loyer HC soit 1.140 \u20ac<br \/>\nFrais d&#8217;agence: 533,52 \u20ac<\/p>\n<p>\u2705 Dossier s\u00e9rieux exig\u00e9 (pi\u00e8ces justificatives: revenus, garant si n\u00e9cessaire)<br \/>\n\ud83d\udcde Pour plus d\u2019informations ou pour organiser une visite, merci de nous contacter par message ou t\u00e9l\u00e9phone.<\/p>\n","protected":false},"excerpt":{"rendered":"<p>Dans le centre de Samatan \u00e0 proximit\u00e9 imm\u00e9diate des commerces, \u00e9coles, transports et places de parking (accessibles \u00e0 pied), au 1er \u00e9tage d&#8217;un petit immeuble, Appartement T3, en bon \u00e9tat et au calme, de 45m\u00b2 habitables. S\u00e9jour avec cuisine \u00e9quip\u00e9e, donnant sur un balcon avec vue sur le jardin de la co-propri\u00e9t\u00e9, 2 chambres, une [&hellip;]<\/p>\n","protected":false},"author":1,"featured_media":72859,"parent":0,"menu_order":0,"template":"","property_type":[302],"property_status":[378],"property_feature":[305],"property_label":[],"property_country":[382],"property_state":[],"property_city":[390],"property_area":[],"class_list":["post-72819","property","type-property","status-publish","has-post-thumbnail","hentry","property_type-apartment","property_status-rental","property_feature-furnished","property_country-fr","property_city-samatan"],"property_meta":{"_alp_processed":["1777384864"],"ref":["86812362"],"fave_property_id":["L113"],"fave_property_price":["570"],"fave_property_price_postfix":["\/month"],"fave_property_size":["45"],"fave_property_size_prefix":["m\u00b2"],"fave_property_land_postfix":["m\u00b2"],"fave_property_land":[""],"fave_property_rooms":["3"],"fave_property_bedrooms":[""],"fave_property_bathrooms":[""],"fave_salle-d-eau":[""],"fave_property_garage":[""],"fave_property_year":[""],"fave_property_map_address":["32130, Samatan, FR"],"fave_property_map":["1"],"fave_property_address":[""],"fave_property_zip":["32130"],"fave_property_country":["FR"],"fave_property_location":["43.49161,0.93435,14"],"houzez_geolocation_lat":["43.49161"],"houzez_geolocation_long":["0.93435"],"fave_energy_performance":[""],"fave_renewable_energy_global_index":["62"],"fave_energy_class":[""],"fave_energy_global_index":["268"],"fave_energy_date_dpe":["2023-01-17"],"fave_energy_montant_min":["1000"],"fave_energy_montant_max":["1370"],"fave_energy_montant_anne_ref":["2021"],"fave_additional_features_enable":["enable"],"fave_date_maj":["2026-04-30 07:29:46"],"fave_featured":[""],"houzez_featured_listing_date":[""],"additional_features":["a:5:{i:0;a:2:{s:29:\"fave_additional_feature_title\";s:9:\"Rent type\";s:29:\"fave_additional_feature_value\";s:2:\"CC\";}i:1;a:2:{s:29:\"fave_additional_feature_title\";s:21:\"Provision for charges\";s:29:\"fave_additional_feature_value\";s:5:\"10\u20ac\";}i:2;a:2:{s:29:\"fave_additional_feature_title\";s:16:\"Security deposit\";s:29:\"fave_additional_feature_value\";s:7:\"1140\u20ac\";}i:3;a:2:{s:29:\"fave_additional_feature_title\";s:9:\"Condition\";s:29:\"fave_additional_feature_value\";s:9:\"Bon \u00e9tat\";}i:4;a:2:{s:29:\"fave_additional_feature_title\";s:5:\"Floor\";s:29:\"fave_additional_feature_value\";s:1:\"1\";}}"],"fave_honoraires":[""],"fave_pourcentage-d-honoraire":[""],"fave_agent_display_option":["agent_info"],"fave_agents":["62580"],"fave_property_agency":[""],"_thumbnail_id":["72859"],"_wpml_word_count":["133"],"houzez_total_property_views":["5"],"houzez_views_by_date":["a:3:{s:10:\"04-29-2026\";i:3;s:10:\"04-30-2026\";i:1;s:10:\"05-01-2026\";i:1;}"],"houzez_recently_viewed":["2026-05-01 08:30:50"],"fave_property_images":["72859","72861","72823","72825","72829","72863","72865","72833","72867"]},"acf":[],"yoast_head":"<!-- This site is optimized with the Yoast SEO plugin v23.7 - https:\/\/yoast.com\/wordpress\/plugins\/seo\/ -->\n<title>Samatan - Appartement T3 de 45m\u00b2 - Immo Pro - L&#039;Agence d&#039;Occitanie<\/title>\n<meta name=\"robots\" content=\"index, follow, max-snippet:-1, max-image-preview:large, max-video-preview:-1\" \/>\n<link rel=\"canonical\" href=\"https:\/\/immopro.fr\/en\/propertie\/samatan-appartement-t3-de-45m%c2%b2\/\" \/>\n<meta property=\"og:locale\" content=\"en_US\" \/>\n<meta property=\"og:type\" content=\"article\" \/>\n<meta property=\"og:title\" content=\"Samatan - Appartement T3 de 45m\u00b2 - Immo Pro - L&#039;Agence d&#039;Occitanie\" \/>\n<meta property=\"og:description\" content=\"Dans le centre de Samatan \u00e0 proximit\u00e9 imm\u00e9diate des commerces, \u00e9coles, transports et places de parking (accessibles \u00e0 pied), au 1er \u00e9tage d&#8217;un petit immeuble, Appartement T3, en bon \u00e9tat et au calme, de 45m\u00b2 habitables. S\u00e9jour avec cuisine \u00e9quip\u00e9e, donnant sur un balcon avec vue sur le jardin de la co-propri\u00e9t\u00e9, 2 chambres, une [&hellip;]\" \/>\n<meta property=\"og:url\" content=\"https:\/\/immopro.fr\/en\/propertie\/samatan-appartement-t3-de-45m%c2%b2\/\" \/>\n<meta property=\"og:site_name\" content=\"Immo Pro - L&#039;Agence d&#039;Occitanie\" \/>\n<meta property=\"article:publisher\" content=\"https:\/\/www.facebook.com\/immoprolagencedoccitanie\" \/>\n<meta property=\"og:image\" content=\"https:\/\/immopro.fr\/wp-content\/uploads\/2022\/04\/ImmoproWeb_paysage_2V5A4308-1024x683.jpg\" \/>\n\t<meta property=\"og:image:width\" content=\"1024\" \/>\n\t<meta property=\"og:image:height\" content=\"683\" \/>\n\t<meta property=\"og:image:type\" content=\"image\/jpeg\" \/>\n<meta name=\"twitter:card\" content=\"summary_large_image\" \/>\n<meta name=\"twitter:label1\" content=\"Est. reading time\" \/>\n\t<meta name=\"twitter:data1\" content=\"1 minute\" \/>\n<script type=\"application\/ld+json\" class=\"yoast-schema-graph\">{\"@context\":\"https:\/\/schema.org\",\"@graph\":[{\"@type\":\"WebPage\",\"@id\":\"https:\/\/immopro.fr\/en\/propertie\/samatan-appartement-t3-de-45m%c2%b2\/\",\"url\":\"https:\/\/immopro.fr\/en\/propertie\/samatan-appartement-t3-de-45m%c2%b2\/\",\"name\":\"Samatan - Appartement T3 de 45m\u00b2 - Immo Pro - L'Agence d'Occitanie\",\"isPartOf\":{\"@id\":\"https:\/\/immopro.fr\/en\/#website\"},\"primaryImageOfPage\":{\"@id\":\"https:\/\/immopro.fr\/en\/propertie\/samatan-appartement-t3-de-45m%c2%b2\/#primaryimage\"},\"image\":{\"@id\":\"https:\/\/immopro.fr\/en\/propertie\/samatan-appartement-t3-de-45m%c2%b2\/#primaryimage\"},\"thumbnailUrl\":\"https:\/\/immopro.fr\/wp-content\/uploads\/2026\/03\/66c81843ae01d57f6ccd0209b394bc16_2733c9369c_1600-original-72818.jpg\",\"datePublished\":\"2026-03-10T15:39:15+00:00\",\"dateModified\":\"2026-03-10T15:39:15+00:00\",\"breadcrumb\":{\"@id\":\"https:\/\/immopro.fr\/en\/propertie\/samatan-appartement-t3-de-45m%c2%b2\/#breadcrumb\"},\"inLanguage\":\"en-US\",\"potentialAction\":[{\"@type\":\"ReadAction\",\"target\":[\"https:\/\/immopro.fr\/en\/propertie\/samatan-appartement-t3-de-45m%c2%b2\/\"]}]},{\"@type\":\"ImageObject\",\"inLanguage\":\"en-US\",\"@id\":\"https:\/\/immopro.fr\/en\/propertie\/samatan-appartement-t3-de-45m%c2%b2\/#primaryimage\",\"url\":\"https:\/\/immopro.fr\/wp-content\/uploads\/2026\/03\/66c81843ae01d57f6ccd0209b394bc16_2733c9369c_1600-original-72818.jpg\",\"contentUrl\":\"https:\/\/immopro.fr\/wp-content\/uploads\/2026\/03\/66c81843ae01d57f6ccd0209b394bc16_2733c9369c_1600-original-72818.jpg\",\"width\":1600,\"height\":900},{\"@type\":\"BreadcrumbList\",\"@id\":\"https:\/\/immopro.fr\/en\/propertie\/samatan-appartement-t3-de-45m%c2%b2\/#breadcrumb\",\"itemListElement\":[{\"@type\":\"ListItem\",\"position\":1,\"name\":\"Accueil\",\"item\":\"https:\/\/immopro.fr\/en\/\"},{\"@type\":\"ListItem\",\"position\":2,\"name\":\"Properties\",\"item\":\"https:\/\/immopro.fr\/en\/propertie\/\"},{\"@type\":\"ListItem\",\"position\":3,\"name\":\"Samatan &#8211; Appartement T3 de 45m\u00b2\"}]},{\"@type\":\"WebSite\",\"@id\":\"https:\/\/immopro.fr\/en\/#website\",\"url\":\"https:\/\/immopro.fr\/en\/\",\"name\":\"Immo Pro - L'Agence d'Occitanie\",\"description\":\"Our real estate agencies in the Samantan and Lombez sector\",\"publisher\":{\"@id\":\"https:\/\/immopro.fr\/en\/#organization\"},\"alternateName\":\"Immopro, l'immobilier \u00e0 Samatan et \u00e0 Lombez\",\"potentialAction\":[{\"@type\":\"SearchAction\",\"target\":{\"@type\":\"EntryPoint\",\"urlTemplate\":\"https:\/\/immopro.fr\/en\/?s={search_term_string}\"},\"query-input\":{\"@type\":\"PropertyValueSpecification\",\"valueRequired\":true,\"valueName\":\"search_term_string\"}}],\"inLanguage\":\"en-US\"},{\"@type\":\"Organization\",\"@id\":\"https:\/\/immopro.fr\/en\/#organization\",\"name\":\"Immo Pro - L'Agence d'Occitanie\",\"alternateName\":\"ImmoPro\",\"url\":\"https:\/\/immopro.fr\/en\/\",\"logo\":{\"@type\":\"ImageObject\",\"inLanguage\":\"en-US\",\"@id\":\"https:\/\/immopro.fr\/en\/#\/schema\/logo\/image\/\",\"url\":\"https:\/\/immopro.fr\/wp-content\/uploads\/2022\/10\/1-1-e1665660373133.png\",\"contentUrl\":\"https:\/\/immopro.fr\/wp-content\/uploads\/2022\/10\/1-1-e1665660373133.png\",\"width\":2000,\"height\":459,\"caption\":\"Immo Pro - L'Agence d'Occitanie\"},\"image\":{\"@id\":\"https:\/\/immopro.fr\/en\/#\/schema\/logo\/image\/\"},\"sameAs\":[\"https:\/\/www.facebook.com\/immoprolagencedoccitanie\",\"https:\/\/www.instagram.com\/immopro_lagencedoccitanie\/\"]}]}<\/script>\n<!-- \/ Yoast SEO plugin. -->","yoast_head_json":{"title":"Samatan - Appartement T3 de 45m\u00b2 - Immo Pro - L'Agence d'Occitanie","robots":{"index":"index","follow":"follow","max-snippet":"max-snippet:-1","max-image-preview":"max-image-preview:large","max-video-preview":"max-video-preview:-1"},"canonical":"https:\/\/immopro.fr\/en\/propertie\/samatan-appartement-t3-de-45m%c2%b2\/","og_locale":"en_US","og_type":"article","og_title":"Samatan - Appartement T3 de 45m\u00b2 - Immo Pro - L'Agence d'Occitanie","og_description":"Dans le centre de Samatan \u00e0 proximit\u00e9 imm\u00e9diate des commerces, \u00e9coles, transports et places de parking (accessibles \u00e0 pied), au 1er \u00e9tage d&#8217;un petit immeuble, Appartement T3, en bon \u00e9tat et au calme, de 45m\u00b2 habitables. S\u00e9jour avec cuisine \u00e9quip\u00e9e, donnant sur un balcon avec vue sur le jardin de la co-propri\u00e9t\u00e9, 2 chambres, une [&hellip;]","og_url":"https:\/\/immopro.fr\/en\/propertie\/samatan-appartement-t3-de-45m%c2%b2\/","og_site_name":"Immo Pro - L'Agence d'Occitanie","article_publisher":"https:\/\/www.facebook.com\/immoprolagencedoccitanie","og_image":[{"width":1024,"height":683,"url":"https:\/\/immopro.fr\/wp-content\/uploads\/2022\/04\/ImmoproWeb_paysage_2V5A4308-1024x683.jpg","type":"image\/jpeg"}],"twitter_card":"summary_large_image","twitter_misc":{"Est. reading time":"1 minute"},"schema":{"@context":"https:\/\/schema.org","@graph":[{"@type":"WebPage","@id":"https:\/\/immopro.fr\/en\/propertie\/samatan-appartement-t3-de-45m%c2%b2\/","url":"https:\/\/immopro.fr\/en\/propertie\/samatan-appartement-t3-de-45m%c2%b2\/","name":"Samatan - Appartement T3 de 45m\u00b2 - Immo Pro - L'Agence d'Occitanie","isPartOf":{"@id":"https:\/\/immopro.fr\/en\/#website"},"primaryImageOfPage":{"@id":"https:\/\/immopro.fr\/en\/propertie\/samatan-appartement-t3-de-45m%c2%b2\/#primaryimage"},"image":{"@id":"https:\/\/immopro.fr\/en\/propertie\/samatan-appartement-t3-de-45m%c2%b2\/#primaryimage"},"thumbnailUrl":"https:\/\/immopro.fr\/wp-content\/uploads\/2026\/03\/66c81843ae01d57f6ccd0209b394bc16_2733c9369c_1600-original-72818.jpg","datePublished":"2026-03-10T15:39:15+00:00","dateModified":"2026-03-10T15:39:15+00:00","breadcrumb":{"@id":"https:\/\/immopro.fr\/en\/propertie\/samatan-appartement-t3-de-45m%c2%b2\/#breadcrumb"},"inLanguage":"en-US","potentialAction":[{"@type":"ReadAction","target":["https:\/\/immopro.fr\/en\/propertie\/samatan-appartement-t3-de-45m%c2%b2\/"]}]},{"@type":"ImageObject","inLanguage":"en-US","@id":"https:\/\/immopro.fr\/en\/propertie\/samatan-appartement-t3-de-45m%c2%b2\/#primaryimage","url":"https:\/\/immopro.fr\/wp-content\/uploads\/2026\/03\/66c81843ae01d57f6ccd0209b394bc16_2733c9369c_1600-original-72818.jpg","contentUrl":"https:\/\/immopro.fr\/wp-content\/uploads\/2026\/03\/66c81843ae01d57f6ccd0209b394bc16_2733c9369c_1600-original-72818.jpg","width":1600,"height":900},{"@type":"BreadcrumbList","@id":"https:\/\/immopro.fr\/en\/propertie\/samatan-appartement-t3-de-45m%c2%b2\/#breadcrumb","itemListElement":[{"@type":"ListItem","position":1,"name":"Accueil","item":"https:\/\/immopro.fr\/en\/"},{"@type":"ListItem","position":2,"name":"Properties","item":"https:\/\/immopro.fr\/en\/propertie\/"},{"@type":"ListItem","position":3,"name":"Samatan &#8211; Appartement T3 de 45m\u00b2"}]},{"@type":"WebSite","@id":"https:\/\/immopro.fr\/en\/#website","url":"https:\/\/immopro.fr\/en\/","name":"Immo Pro - L'Agence d'Occitanie","description":"Our real estate agencies in the Samantan and Lombez sector","publisher":{"@id":"https:\/\/immopro.fr\/en\/#organization"},"alternateName":"Immopro, l'immobilier \u00e0 Samatan et \u00e0 Lombez","potentialAction":[{"@type":"SearchAction","target":{"@type":"EntryPoint","urlTemplate":"https:\/\/immopro.fr\/en\/?s={search_term_string}"},"query-input":{"@type":"PropertyValueSpecification","valueRequired":true,"valueName":"search_term_string"}}],"inLanguage":"en-US"},{"@type":"Organization","@id":"https:\/\/immopro.fr\/en\/#organization","name":"Immo Pro - L'Agence d'Occitanie","alternateName":"ImmoPro","url":"https:\/\/immopro.fr\/en\/","logo":{"@type":"ImageObject","inLanguage":"en-US","@id":"https:\/\/immopro.fr\/en\/#\/schema\/logo\/image\/","url":"https:\/\/immopro.fr\/wp-content\/uploads\/2022\/10\/1-1-e1665660373133.png","contentUrl":"https:\/\/immopro.fr\/wp-content\/uploads\/2022\/10\/1-1-e1665660373133.png","width":2000,"height":459,"caption":"Immo Pro - L'Agence d'Occitanie"},"image":{"@id":"https:\/\/immopro.fr\/en\/#\/schema\/logo\/image\/"},"sameAs":["https:\/\/www.facebook.com\/immoprolagencedoccitanie","https:\/\/www.instagram.com\/immopro_lagencedoccitanie\/"]}]}},"_links":{"self":[{"href":"https:\/\/immopro.fr\/en\/wp-json\/wp\/v2\/properties\/72819","targetHints":{"allow":["GET"]}}],"collection":[{"href":"https:\/\/immopro.fr\/en\/wp-json\/wp\/v2\/properties"}],"about":[{"href":"https:\/\/immopro.fr\/en\/wp-json\/wp\/v2\/types\/property"}],"author":[{"embeddable":true,"href":"https:\/\/immopro.fr\/en\/wp-json\/wp\/v2\/users\/1"}],"version-history":[{"count":0,"href":"https:\/\/immopro.fr\/en\/wp-json\/wp\/v2\/properties\/72819\/revisions"}],"wp:featuredmedia":[{"embeddable":true,"href":"https:\/\/immopro.fr\/en\/wp-json\/wp\/v2\/media\/72859"}],"wp:attachment":[{"href":"https:\/\/immopro.fr\/en\/wp-json\/wp\/v2\/media?parent=72819"}],"wp:term":[{"taxonomy":"property_type","embeddable":true,"href":"https:\/\/immopro.fr\/en\/wp-json\/wp\/v2\/property_type?post=72819"},{"taxonomy":"property_status","embeddable":true,"href":"https:\/\/immopro.fr\/en\/wp-json\/wp\/v2\/property_status?post=72819"},{"taxonomy":"property_feature","embeddable":true,"href":"https:\/\/immopro.fr\/en\/wp-json\/wp\/v2\/property_feature?post=72819"},{"taxonomy":"property_label","embeddable":true,"href":"https:\/\/immopro.fr\/en\/wp-json\/wp\/v2\/property_label?post=72819"},{"taxonomy":"property_country","embeddable":true,"href":"https:\/\/immopro.fr\/en\/wp-json\/wp\/v2\/property_country?post=72819"},{"taxonomy":"property_state","embeddable":true,"href":"https:\/\/immopro.fr\/en\/wp-json\/wp\/v2\/property_state?post=72819"},{"taxonomy":"property_city","embeddable":true,"href":"https:\/\/immopro.fr\/en\/wp-json\/wp\/v2\/property_city?post=72819"},{"taxonomy":"property_area","embeddable":true,"href":"https:\/\/immopro.fr\/en\/wp-json\/wp\/v2\/property_area?post=72819"}],"curies":[{"name":"wp","href":"https:\/\/api.w.org\/{rel}","templated":true}]}}